{"id":112,"date":"2021-05-24T13:36:41","date_gmt":"2021-05-24T13:36:41","guid":{"rendered":"http:\/\/erwinkropfitsch.at\/?page_id=112"},"modified":"2023-11-12T15:54:18","modified_gmt":"2023-11-12T15:54:18","slug":"kropfitsch-music-project","status":"publish","type":"page","link":"http:\/\/erwinkropfitsch.at\/","title":{"rendered":"Kropfitsch Music Project"},"content":{"rendered":"\n<p class=\"has-text-align-center\"><meta charset=\"utf-8\">Kropfitsch Music Projects&nbsp;<strong>KMP<\/strong>&nbsp;wurde 2005 von Erwin Kropfitsch, Pianist und Musikp\u00e4dagoge gegr\u00fcndet. Sein musikalisch vielf\u00e4ltiger Weg, auf dem er sich k\u00fcnstlerischen und auch organisatorischen Aufgaben mit gr\u00f6\u00dftem Engagement und ebensolcher Effizienz widmet, f\u00fchrt durch die Umsetzung des Projektes KMP zu einer logischen Entwicklung seines T\u00e4tigkeitsbereiches im Rahmen des:<\/p>\n\n\n\n<div class=\"wp-block-buttons is-content-justification-center\">\n<div class=\"wp-block-button\"><a class=\"wp-block-button__link\" href=\"https:\/\/klangforumcarinthia.at\/\" target=\"_blank\" rel=\"https:\/\/klangforumcarinthia.at\/ noopener\"><strong>Klangforum carinthia<\/strong><\/a><\/div>\n\n\n\n<div class=\"wp-block-button\"><a class=\"wp-block-button__link\" href=\"https:\/\/klangforumcarinthia.at\/johannes-brahms-privat-konservatorium\/\" target=\"_blank\" rel=\"https:\/\/klangforumcarinthia.at\/johannes-brahms-privat-konservatorium\/ noopener\"><strong>Johannes Brahms Privat Konservatorium<\/strong><\/a><\/div>\n<\/div>\n\n\n\n<div style=\"height:50px\" aria-hidden=\"true\" class=\"wp-block-spacer\"><\/div>\n\n\n\n<div class=\"wp-block-cover alignwide has-background-dim has-background-gradient is-position-center-center\" style=\"background:linear-gradient(135deg,rgb(226,229,231) 0%,rgb(229,233,236) 99%);min-height:575px\"><div class=\"wp-block-cover__inner-container\">\n<div style=\"height:50px\" aria-hidden=\"true\" class=\"wp-block-spacer\"><\/div>\n\n\n\n<div class=\"wp-block-columns alignwide\">\n<div class=\"wp-block-column\" style=\"flex-basis:12%\">\n<div style=\"height:100px\" aria-hidden=\"true\" class=\"wp-block-spacer\"><\/div>\n<\/div>\n\n\n\n<div class=\"wp-block-column\">\n<figure class=\"wp-block-image alignwide size-large\"><a href=\"http:\/\/erwinkropfitsch.at\/wp-content\/uploads\/2015\/10\/Erwin_am_Klavier.jpg\"><img loading=\"lazy\" width=\"1024\" height=\"682\" src=\"http:\/\/erwinkropfitsch.at\/wp-content\/uploads\/2015\/10\/Erwin_am_Klavier-1024x682.jpg\" alt=\"\" class=\"wp-image-39\" srcset=\"http:\/\/erwinkropfitsch.at\/wp-content\/uploads\/2015\/10\/Erwin_am_Klavier-1024x682.jpg 1024w, http:\/\/erwinkropfitsch.at\/wp-content\/uploads\/2015\/10\/Erwin_am_Klavier-300x200.jpg 300w\" sizes=\"(max-width: 1024px) 100vw, 1024px\" \/><\/a><\/figure>\n\n\n\n<div class=\"wp-block-buttons\">\n<div class=\"wp-block-button\"><a class=\"wp-block-button__link\"><\/a><\/div>\n<\/div>\n\n\n\n<p class=\"has-black-color has-text-color has-large-font-size\"><strong>Erwin Kropfitsch<\/strong><\/p>\n\n\n\n<p class=\"has-black-color has-text-color\"><strong>Geboren<\/strong>&nbsp;in Klagenfurt\/\u00d6sterreich<br><br><strong>\u2022 Studium<\/strong>&nbsp;an der Universit\u00e4t f\u00fcr Musik und Darstellende Kunst \u201eMozarteum\u201c in Salzburg, Klavier bei Prof. Brian Lamport<br><strong>\u2022 Diplom<\/strong>&nbsp;1981 mit Auszeichnung, Sponsion zum Magister artium 1982<br>\u2022 1985 Klavier Konzertfachstudium an der Musikuniversit\u00e4t Ljubljana bei Prof. Aci Bertoncelj, Konzertdiplom 1989 mit Auszeichnung<br><strong>\u2022 Weitere pianistische Ausbildung<\/strong>&nbsp;im Rahmen internationaler Meisterkurse, bei G\u00fcnther Ludwig, Dario de Rosa, dem Trio di Trieste u. a.<br><strong>\u2022 Gr\u00fcndung des Musikforum Viktring<\/strong>&nbsp;und k\u00fcnstlerische Leitung von 1987-1997<br><strong>\u2022 1994 Begr\u00fcndung des Gustav-Mahler-Kompositionswettbewerbes<\/strong>&nbsp;der Stadt Klagenfurt<br><strong>\u2022 Seit 1998 k\u00fcnstlerischer Leiter<\/strong>&nbsp;der Internationalen Musikakademie Feldkirchen und seit&nbsp;<strong>2012 k\u00fcnstlerische Leitung<\/strong>&nbsp;der Musikakademie Ossiach-Feldkirchen<br><strong>\u2022 1999 Gr\u00fcndung<\/strong>&nbsp;des Ensembles Wien &#8211; Ljubljana<br><strong>\u2022 Konzerte als Solist und als Solist mit Orchester,<\/strong>&nbsp;u. a. mit dem K\u00e4rntner Symphonie Orchester, Litauischen Kammerorchester, dem Gro\u00dfen Radio- Symphonieorchester Moskau, der Slowenischen Philharmonie<br><strong>\u2022 Kammermusikpartner<\/strong>&nbsp;von Milo\u0161 Mlejnik, Siegfried Palm, Michael Martin Kofler, Jossi Gutmann, Benjamin Schmid, Wolfgang David, Florian Berner, Christian Polt\u00e9ra, Kirill Kobantschenko, Jess Trio Wien, Vienna Clarinet Connection, Panocha Quartett Prag, Tartini Quartett Laibach<br><strong>\u2022 Besonderen k\u00fcnstlerischen Schwerpunkt<\/strong>&nbsp;bildet die Musik des 20. Jahrhunderts<br><strong>\u2022 Auff\u00fchrungen und Urauff\u00fchrungen von:<\/strong>&nbsp;Wolfgang Liebhart, Herbert Willi, Dieter Kaufmann, Bruno Karrer, Christoph Cech, Primos Ramovs, Uros Krek, Marijan Lipovsek, Sigrid Riegebauer, Vassili Lobanov, Meinhard R\u00fcdenauer, Violeta Dinescu, Bruno Strobl, Robert HP Platz, Vinko Globokar<\/p>\n<\/div>\n\n\n\n<div class=\"wp-block-column\" style=\"flex-basis:12%\">\n<div style=\"height:100px\" aria-hidden=\"true\" class=\"wp-block-spacer\"><\/div>\n<\/div>\n<\/div>\n<\/div><\/div>\n\n\n\n<p><\/p>\n\n\n\n<div style=\"height:50px\" aria-hidden=\"true\" class=\"wp-block-spacer\"><\/div>\n\n\n\n<div class=\"wp-block-group\"><div class=\"wp-block-group__inner-container\">\n<h2 class=\"has-text-align-center has-large-font-size\">Aktuelles<\/h2>\n<\/div><\/div>\n\n\n\n<h2 class=\"has-accent-color has-text-color\">Matinee:<br><strong>&#8222;<span class=\"has-inline-color has-accent-color\">Sonntags u<\/span>m 11&#8243; <\/strong><\/h2>\n\n\n\n<p>Das Johannes Brahms Privatkonservatorium Viktring pr\u00e4sentiert junge K\u00fcnstler\/-innen. <strong>&#8222;Young-Stars&#8220;<\/strong><\/p>\n\n\n\n<p class=\"has-text-align-right\"><strong><strong>Matou\u0161 Marek<\/strong><\/strong>, Klavier<br><strong>Paul Kropfitsch<\/strong>, Violine<br><strong>Aleksander Simic<\/strong>, Cello<\/p>\n\n\n\n<p>J\u00e4nner 2024 &#8211; <strong>GENAUES DATUM FOLGT!<\/strong><br>Stift Viktring, Freskensaal<\/p>\n\n\n\n<hr class=\"wp-block-separator\"\/>\n\n\n\n<div style=\"height:50px\" aria-hidden=\"true\" class=\"wp-block-spacer\"><\/div>\n\n\n\n<hr class=\"wp-block-separator is-style-wide\"\/>\n\n\n\n<div style=\"height:50px\" aria-hidden=\"true\" class=\"wp-block-spacer\"><\/div>\n\n\n\n<figure class=\"wp-block-image size-large\"><a href=\"http:\/\/erwinkropfitsch.at\/wp-content\/uploads\/2021\/01\/Erwin_Kropfitsch_kuenstlerzimmer_2021_header.jpg\"><img loading=\"lazy\" width=\"1024\" height=\"658\" src=\"http:\/\/erwinkropfitsch.at\/wp-content\/uploads\/2021\/01\/Erwin_Kropfitsch_kuenstlerzimmer_2021_header-1024x658.jpg\" alt=\"\" class=\"wp-image-93\" srcset=\"http:\/\/erwinkropfitsch.at\/wp-content\/uploads\/2021\/01\/Erwin_Kropfitsch_kuenstlerzimmer_2021_header-1024x658.jpg 1024w, http:\/\/erwinkropfitsch.at\/wp-content\/uploads\/2021\/01\/Erwin_Kropfitsch_kuenstlerzimmer_2021_header-300x193.jpg 300w, http:\/\/erwinkropfitsch.at\/wp-content\/uploads\/2021\/01\/Erwin_Kropfitsch_kuenstlerzimmer_2021_header-768x493.jpg 768w, http:\/\/erwinkropfitsch.at\/wp-content\/uploads\/2021\/01\/Erwin_Kropfitsch_kuenstlerzimmer_2021_header.jpg 2000w\" sizes=\"(max-width: 1024px) 100vw, 1024px\" \/><\/a><\/figure>\n\n\n\n<p class=\"has-large-font-size\"><strong>K\u00fcnstlerzimmer 2023-2024<\/strong><\/p>\n\n\n\n<p class=\"has-medium-font-size\"><strong>Junge K\u00fcnstler*innen\/Podium junge Solisten*innen\/Kammermusikprojekte\/Workshops &amp; Seminare<\/strong><\/p>\n\n\n\n<p>Es ist mir immer ein gro\u00dfes Anliegen in unserem kulturellen Raum Konzerte mit jungen, erfolgreichen Musiker*innen zu programmieren.<\/p>\n\n\n\n<p>Den langen und entbehrungsreichen Ausbildungsweg der jungen K\u00fcnstlergeneration zu begleiten und mit entsprechender Aufmerksamkeit zu unterst\u00fctzen, ist f\u00fcr uns und unser aufgeschlossenes, interessiertes Publikum immer ein \u00e4u\u00dferst lohnenswerter Ausblick.<\/p>\n\n\n\n<p>Zudem werden in unserem K\u00fcnstlerzimmer 2023\/24 in unserer Konzertreihe <strong>\u201eSonntags um 11\u201c<\/strong> auch bereits arrivierte Musiker*innen Platz nehmen, die in besonderen Kammermusik Programmen mit \u201eYoung Stars\u201c die gemeinsame k\u00fcnstlerische Arbeit pr\u00e4sentieren werden.&nbsp;<\/p>\n\n\n\n<p>In unserem \u201eK\u00fcnstlerzimmer\u201c finden sie Namen, die zu merken es sich mehr als lohnen wird.&nbsp;<\/p>\n\n\n\n<p>F\u00fcr die gediegene konzertante Podiumspattform garantiert das <strong>KLANGFORUM CARINTHIA<\/strong>, der Klangraum ist das <strong>Stift Viktring, Freskensaal<\/strong>, 2. Stock<\/p>\n\n\n\n<p>Von diesen Konzerten k\u00f6nnen sich auch interessierte Veranstalter und initiative Privatpersonen unseres Kulturraumes inspirieren und \u00fcberzeugen lassen um&nbsp;weiterf\u00fchrende Konzertprojekte mit K\u00fcnstlern und K\u00fcnstlerinnen aus unserem K\u00fcnstlerzimmer&nbsp;zu planen und durchzuf\u00fchren.&nbsp;Wir k\u00f6nnen gerne bei einer diesbez\u00fcglichen konkreten Planung beratend zur Seite stehen und anbieten:<\/p>\n\n\n\n<p>\u00b7 Projektplanung und Programmkonzeption<br>\u00b7 K\u00fcnstler &#8211; und Besetzungsauswahl&nbsp;\u2013 Konzertmoderation \u2013 Probenplanung\/K\u00fcnstlerbetreuung<\/p>\n\n\n\n<div style=\"height:50px\" aria-hidden=\"true\" class=\"wp-block-spacer\"><\/div>\n\n\n\n<hr class=\"wp-block-separator is-style-wide\"\/>\n\n\n\n<div style=\"height:50px\" aria-hidden=\"true\" class=\"wp-block-spacer\"><\/div>\n\n\n\n<p class=\"has-text-align-center has-large-font-size\"><strong><strong>In unserem K\u00fcnstlerzimmer finden sich ein<\/strong><\/strong><\/p>\n\n\n\n<div style=\"height:50px\" aria-hidden=\"true\" class=\"wp-block-spacer\"><\/div>\n\n\n\n<div class=\"wp-block-media-text alignwide has-media-on-the-right is-stacked-on-mobile is-vertically-aligned-top\"><figure class=\"wp-block-media-text__media\"><img loading=\"lazy\" width=\"1024\" height=\"1024\" src=\"http:\/\/erwinkropfitsch.at\/wp-content\/uploads\/2021\/05\/erwin-1024x1024.jpg\" alt=\"\" class=\"wp-image-225 size-medium\" srcset=\"http:\/\/erwinkropfitsch.at\/wp-content\/uploads\/2021\/05\/erwin-1024x1024.jpg 1024w, http:\/\/erwinkropfitsch.at\/wp-content\/uploads\/2021\/05\/erwin-300x300.jpg 300w, http:\/\/erwinkropfitsch.at\/wp-content\/uploads\/2021\/05\/erwin-150x150.jpg 150w, http:\/\/erwinkropfitsch.at\/wp-content\/uploads\/2021\/05\/erwin-768x768.jpg 768w, http:\/\/erwinkropfitsch.at\/wp-content\/uploads\/2021\/05\/erwin.jpg 1080w\" sizes=\"(max-width: 1024px) 100vw, 1024px\" \/><\/figure><div class=\"wp-block-media-text__content\">\n<p class=\"has-large-font-size\"><strong>Erwin Kropfitsch, Klavier<\/strong><\/p>\n\n\n\n<p>Pianist, Musikp\u00e4dagoge, Dirigent<\/p>\n\n\n\n<p><br>Geboren am 23.7.1958 in Klagenfurt, Klavierunterricht am K\u00e4rntner Landeskonservatorium bei Prof. Johanna Inzko und Dr. Walter Langer. Nach der Reifepr\u00fcfung 1977 Studium an der Universit\u00e4t Salzburg und an der Hochschule f\u00fcr Musik und Darstellende Kunst \u201eMozarteum\u201c Salzburg, Klavier bei Univ. Prof. Brian Lamport.<\/p>\n\n\n\n<p><br>Diplom 1981 mit Auszeichnung in den F\u00e4chern Musikp\u00e4dagogik und Klavier. Sponsion zum Magister artium 1982. Im Anschlu\u00df an das Studium in Salzburg ab 1985 Klavier Konzertfach Studium und Klavier. Kammermusik Studium bei Univ. Prof. Aci Bertoncelj an der Musikakademie der Universit\u00e4t Ljubljana\/Slowenien. Klavier Konzertdiplom 1989 mit Auszeichnung; Seit 1982 Lehrt\u00e4tigkeit am Musikgymnasium Viktring-Klagenfurt; Weitere pianistische Ausbildung im Rahmen von internationalen Meisterkursen f\u00fcr Klavier und Klavier Kammermusik bei G\u00fcnther Ludwig, Dario de Rosa und dem Trio di Trieste. Konzerte als Solist mit Orchester u.a. mit dem Litauischen Kammerorchester, dem Gro\u00dfen Radio-Symphonieorchester Moskau, der Slowenischen Philharmonie.<\/p>\n\n\n\n<p>Klavier-Kammermusikpartner von Milos Mlejnik, Siegfried Palm, Christian Polt\u00e9ra, Esther Hoppe, Wonji Kim Ozim, Daniel Rowland, Claudio Bohorquez, Johannes Kropfitsch, Jossi Gutmann, Benjamin Schmid, Ad\u00e9l Oborzil, Michael Martin Kofler, Wolfgang David, Zoran Markovic, Luisa Sello, Rupert Fankhauser, Vassily Lobanov, Panocha Quartett Prag, Tartini Quartett Laibach, Jess-Trio Wien, Wiener Saxophon Quartett, Vienna Clarinet Connection. Konzerte, Tourneen, Meisterkurse, CD Aufnahmen im Rahmen von Festivals in Europa und Asien. Besonderen k\u00fcnstlerischen Schwerpunkt bildet die klassische Klavier Kammermusik, sowie die Klaviermusik des 20. und die Neue Musik unseres Jahrhunderts. Intensive Zusammenarbeit mit zeitgen\u00f6ssischen Komponisten. Vergabe von Kompositionsauftr\u00e4gen an Christoph Cech, Wolfgang Liebhart, Primos Ramovs, Gerhard Schedl, Bruno Strobl; Interpret zahlreicher Urauff\u00fchrungen. Initiator und k\u00fcnstlerischer Leiter des Musikforum Viktring Klagenfurt von 1987 \u2013 1997. Initiator des \u201eGustav Mahler Kompositionspreises\u201c der Stadt Klagenfurt. 1999 Gr\u00fcndung und k\u00fcnstlerische Leitung des \u201eEnsemble Wien Ljubljana. Von 1998 bis 2017 k\u00fcnstlerischer Leiter der Internationalen Musikakademie Feldkirchen. 2013-2015 k\u00fcnstlerische Leitung des Steinway Salon Kitzb\u00fchel im Kitzb\u00fchel Country Club; 2018 k\u00fcnstlerischer Leiter der Ossiacher Masterclasses der CMA Ossiach.<br>2019 k\u00fcnstlerischer Leiter und Obmann des Klangforum Carinthia.<\/p>\n<\/div><\/div>\n\n\n\n<div style=\"height:100px\" aria-hidden=\"true\" class=\"wp-block-spacer\"><\/div>\n\n\n\n<div class=\"wp-block-media-text alignwide has-media-on-the-right is-stacked-on-mobile is-vertically-aligned-top\"><figure class=\"wp-block-media-text__media\"><img loading=\"lazy\" width=\"1024\" height=\"1024\" src=\"http:\/\/erwinkropfitsch.at\/wp-content\/uploads\/2021\/05\/lorenzo-1024x1024.jpg\" alt=\"\" class=\"wp-image-234 size-medium\" srcset=\"http:\/\/erwinkropfitsch.at\/wp-content\/uploads\/2021\/05\/lorenzo-1024x1024.jpg 1024w, http:\/\/erwinkropfitsch.at\/wp-content\/uploads\/2021\/05\/lorenzo-300x300.jpg 300w, http:\/\/erwinkropfitsch.at\/wp-content\/uploads\/2021\/05\/lorenzo-150x150.jpg 150w, http:\/\/erwinkropfitsch.at\/wp-content\/uploads\/2021\/05\/lorenzo-768x768.jpg 768w, http:\/\/erwinkropfitsch.at\/wp-content\/uploads\/2021\/05\/lorenzo.jpg 1080w\" sizes=\"(max-width: 1024px) 100vw, 1024px\" \/><\/figure><div class=\"wp-block-media-text__content\">\n<p class=\"has-large-font-size\"><strong>Lorenzo Cossi, Klavier<\/strong><\/p>\n\n\n\n<p>Geboren 1982, diplomierte er am Konservatorium Triest in der Klasse von Giuliana Gulli. Er setzte seine Ausbildung bei Giuliana Gulli und Nino Gardi fort. Meisterkurse besuchte Lorenzo Cossi bei Joachim Ach\u00f9carro in Siena, bei Elisso Virsaladze, William Grant Nabor\u00e8 und Jerome Lowenthal.<\/p>\n\n\n\n<p><br>Als Kammermusiker spielt Lorenzo Cossi mit namhaften K\u00fcnstlern wie der Cellistin Marianna Sinagra zusammen.<\/p>\n\n\n\n<p><br>Lorenzo Cossi war Preistr\u00e4ger zahlreicher renommierter internationaler Wettbewerbe u.a. Rina Sala Gallo in Monza, L.Gante in Pordenone, Maria Canals in Barcelona. Er war Finalist beim Busonie Wettbewerb in Bozen und und Finalist beim E. Honens in Calgary, Canada, wo er mit ber\u00fchmten Musikern wie dem Cellisten Johannes Moser zusammen spielte. Lorenzo Cossi hat seit 2018 eine Klavierklasse am Konservatorium Klagenfurt.<\/p>\n\n\n\n<p><strong>Lorenzo Cossi, piano<\/strong><\/p>\n\n\n\n<p>Born in 1982, Lorenzo Cossi graduated in Trieste Conservatory \u201cG. Tartini\u201d with Giuliana Gulli, sister of the great violinist Franco Gulli. He continued studying with Giuliana Gulli and with Nino Gardi, following also masterclasses by great musicians, such as Joachim Ach\u00f9carro in Siena, Elisso Virsaladze (Sermoneta, Italy), William Grant Nabor\u00e8 (Lake Como International Piano Academy) and Jerome Lowenthal (Music Academy of the West, California). As a chamber music lover, Lorenzo plays often in chamber music recitals with cellist Marianna Sinagra. He won several prizes in international competitions, such as the \u201cRina Sala Gallo\u201d in Monza, the \u201cL. Gante\u201d in Pordenone, the \u201eMaria Canals\u201c in Barcelona and others. For two editions he has been finalist in the \u201cF. Busoni\u201d competition in Bolzano. Recently he was one of the five finalist at the prestigious \u201cE. Honens\u201d International Competition in Calgary, Canada, where he could play with great musicians, such as the cellist Johannes Moser. Since 2018 Lorenzo Cossi has a piano masterclass at the Conservatory Klagenfurt.<\/p>\n<\/div><\/div>\n\n\n\n<div style=\"height:50px\" aria-hidden=\"true\" class=\"wp-block-spacer\"><\/div>\n\n\n\n<div class=\"wp-block-media-text alignwide has-media-on-the-right is-stacked-on-mobile is-vertically-aligned-top\"><figure class=\"wp-block-media-text__media\"><img loading=\"lazy\" width=\"964\" height=\"1024\" src=\"http:\/\/erwinkropfitsch.at\/wp-content\/uploads\/2021\/06\/20210608_114454-964x1024.jpg\" alt=\"\" class=\"wp-image-280 size-medium\" srcset=\"http:\/\/erwinkropfitsch.at\/wp-content\/uploads\/2021\/06\/20210608_114454-964x1024.jpg 964w, http:\/\/erwinkropfitsch.at\/wp-content\/uploads\/2021\/06\/20210608_114454-282x300.jpg 282w, http:\/\/erwinkropfitsch.at\/wp-content\/uploads\/2021\/06\/20210608_114454-768x816.jpg 768w, http:\/\/erwinkropfitsch.at\/wp-content\/uploads\/2021\/06\/20210608_114454-1446x1536.jpg 1446w, http:\/\/erwinkropfitsch.at\/wp-content\/uploads\/2021\/06\/20210608_114454-1928x2048.jpg 1928w, http:\/\/erwinkropfitsch.at\/wp-content\/uploads\/2021\/06\/20210608_114454-2000x2124.jpg 2000w, http:\/\/erwinkropfitsch.at\/wp-content\/uploads\/2021\/06\/20210608_114454-1800x1912.jpg 1800w\" sizes=\"(max-width: 964px) 100vw, 964px\" \/><\/figure><div class=\"wp-block-media-text__content\">\n<p class=\"has-large-font-size\"><strong>Matth\u00e4us Marek, Klavier<\/strong><\/p>\n\n\n\n<p>Der aus Tschechien kommende Pianist wurde 1999 geboren. Er bekam seinen ersten Klavierunterricht im Alter von 8 Jahren an der Musikschule T\u00e1bor bei der Frau Prof. A. Vav\u0159incov\u00e1 und ab 2011 bei Frau Prof. E. Pe\u0159inov\u00e1. <\/p>\n\n\n\n<p>Im Jahr 2013 zog seine Familie nach \u00d6sterreich. Anschlie\u00dfend studierte Matth\u00e4us bis 2017 Klavier bei Prof. Erwin Kropfitsch in Klagenfurt und besuchte das Musikgymnasium Viktring.<\/p>\n\n\n\n<p>Seit Herbst 2017 studiert er an der Musik und Kunst Privatuniversit\u00e4t in Wien bei Prof. Dr. Johannes Kropfitsch. Seit 2014 nimmt er erfolgreich an verschiedenen internationalen Wettbewerben Teil; er gewann 2. Preise beim \u201eToma\u017e Holmar\u201c Wettbewerb in Malborghetto (2015) und beim \u201e11. Ars Nova International Competition\u201c in Trieste (2016).<\/p>\n\n\n\n<p>2016 wird er Finalist des \u201eGiuliano Pecar International Piano Competition\u201c&nbsp; in Gorizia\/Italien.<\/p>\n\n\n\n<p>Im Mai 2017 gewann er den 1. Preis beim \u201e5. Concorso Internationale Citt\u00e1 di Palmanova\u201c.<\/p>\n\n\n\n<p>Im November 2018 spielte Matth\u00e4us Marek im Rahmen eines Projektes der MUK Wien im Gro\u00dfen Saal des Musikvereins Wien.<\/p>\n\n\n\n<p>Er nimmt regelm\u00e4\u00dfig an internationalen Klavierkursen und Meisterklassen teil \u2013 unter anderem mit Filippo Gamba, Johannes Kropfitsch, Ingolf Wunder oder Roberto Turrin.<\/p>\n<\/div><\/div>\n\n\n\n<div style=\"height:100px\" aria-hidden=\"true\" class=\"wp-block-spacer\"><\/div>\n\n\n\n<div class=\"wp-block-media-text alignwide has-media-on-the-right is-stacked-on-mobile is-vertically-aligned-top\"><figure class=\"wp-block-media-text__media\"><img loading=\"lazy\" width=\"1024\" height=\"805\" src=\"http:\/\/erwinkropfitsch.at\/wp-content\/uploads\/2021\/06\/20210608_114646-1024x805.jpg\" alt=\"\" class=\"wp-image-278 size-medium\" srcset=\"http:\/\/erwinkropfitsch.at\/wp-content\/uploads\/2021\/06\/20210608_114646-1024x805.jpg 1024w, http:\/\/erwinkropfitsch.at\/wp-content\/uploads\/2021\/06\/20210608_114646-300x236.jpg 300w, http:\/\/erwinkropfitsch.at\/wp-content\/uploads\/2021\/06\/20210608_114646-768x604.jpg 768w, http:\/\/erwinkropfitsch.at\/wp-content\/uploads\/2021\/06\/20210608_114646-1536x1208.jpg 1536w, http:\/\/erwinkropfitsch.at\/wp-content\/uploads\/2021\/06\/20210608_114646-2048x1610.jpg 2048w, http:\/\/erwinkropfitsch.at\/wp-content\/uploads\/2021\/06\/20210608_114646-2000x1572.jpg 2000w, http:\/\/erwinkropfitsch.at\/wp-content\/uploads\/2021\/06\/20210608_114646-1800x1415.jpg 1800w\" sizes=\"(max-width: 1024px) 100vw, 1024px\" \/><\/figure><div class=\"wp-block-media-text__content\">\n<p class=\"has-large-font-size\"><strong>Anastasia Krastanova, Klavier<\/strong><\/p>\n\n\n\n<p>Anastasia wurde im November 1999 in Sofia, Bulgaria geboren. Sie hat ihren ersten Klavierunterricht mit 7 Jahren bekommen. Von 2008 bis 2018 hat sie mit Mariana Shikova an der Nationalen Musikschule in Sofia studiert und dort einen ausgezeichneten Abschluss gemacht. Seit Oktober 2018 studiert sie Konzertfach Klavier mit Prof. Johannes Kropfitsch an der Musik und Kunst Privatuniversit\u00e4t der Stadt Wien.<\/p>\n\n\n\n<p>Von 2016 bis 2018 nahm sie an Kursen bei L. Angelov and der Neuen Bulgarischen Universit\u00e4t teil. Sie ist auch Preistr\u00e4gerin unterschiedlicher Wettbewerbe \u2013 einige von denen sind: \u201eNew Pianists\u201d und \u201eLiszt-Bartok\u201c in Sofia, \u201eNationalwettbewerb f\u00fcr Studenten-Korrepetitoren\u201c in Pleven, \u201eClassical music comp. for young performes\u201c in Pernik und Wettbewerbe f\u00fcr Junge in Vranje, Serbia und Gevgelija, Macedonia. &nbsp;Au\u00dferdem hat sie sowohl in der Russischen, Ungarischen und Polnischen Botschaft in Sofia, als auch als Soloist mit dem \u201cOrpheus\u201d Orchestra in Pernik aufgetretet.<\/p>\n\n\n\n<p>W\u00e4hrend ihrer Ausbildung in Sofia und seit sie in Wien ist, hat sie als Teilnehmer bei mehreren Meisterklassen mit bekannten Pianisten wie Ludmil Angelov, Millena Mollova, Alexander Hintchev, Katarzyna Popowa-Zydron, Roberto Turrin, Evgeni Koroliov oder Erwin Kropfitsch gearbeitet.<\/p>\n<\/div><\/div>\n\n\n\n<div style=\"height:100px\" aria-hidden=\"true\" class=\"wp-block-spacer\"><\/div>\n\n\n\n<div class=\"wp-block-media-text alignwide has-media-on-the-right is-stacked-on-mobile is-vertically-aligned-top\"><figure class=\"wp-block-media-text__media\"><img loading=\"lazy\" width=\"1024\" height=\"1024\" src=\"http:\/\/erwinkropfitsch.at\/wp-content\/uploads\/2021\/05\/paul-1024x1024.jpg\" alt=\"\" class=\"wp-image-260 size-medium\" srcset=\"http:\/\/erwinkropfitsch.at\/wp-content\/uploads\/2021\/05\/paul-1024x1024.jpg 1024w, http:\/\/erwinkropfitsch.at\/wp-content\/uploads\/2021\/05\/paul-300x300.jpg 300w, http:\/\/erwinkropfitsch.at\/wp-content\/uploads\/2021\/05\/paul-150x150.jpg 150w, http:\/\/erwinkropfitsch.at\/wp-content\/uploads\/2021\/05\/paul-768x768.jpg 768w, http:\/\/erwinkropfitsch.at\/wp-content\/uploads\/2021\/05\/paul.jpg 1080w\" sizes=\"(max-width: 1024px) 100vw, 1024px\" \/><\/figure><div class=\"wp-block-media-text__content\">\n<p class=\"has-large-font-size\"><strong>Paul Kropfitsch, Violine<\/strong><\/p>\n\n\n\n<p>Paul wurde im August 2000 in Wien geboren. Mit 4 Jahren erhielt er den ersten &nbsp;Violinunterricht bei Prof. Marina Sorokova. Bereits fr\u00fch erhielt er Gelegenheit mit verschiedenen Orchestern als Solist aufzutreten. So spielte er 2012 als Elfj\u00e4hriger das zweite Violinkonzert von Paganini mit dem Dubrovnik Symphonieorchester. <\/p>\n\n\n\n<p>Das gleiche Werk f\u00fchrte er 2012 mit dem Stardirigenten Adam Fischer und der \u00f6sterreichisch-ungarischen Philharmonie beim internationalen Haydnfestival in Eisenstadt mit sensationellem Erfolg auf.&nbsp;2013 gab er weitere Konzerte mit der Philharmonie Danzig und der Sofia Philharmonie. Er gewann den internationalen 23. Brahmswettbewerb in P\u00f6rtschach als einer der j\u00fcngsten Teilnehmer. Paul studiert seit 2 Jahren bei Prof. Anton Sorokow, Konzertmeister der Wiener Symphoniker an der Universit\u00e4t f\u00fcr Musik und Darstellende Kunst Wien.<\/p>\n\n\n\n<p>Paul spielt auf einer Meistergeige von Vincenzo Panormo, 1790.<\/p>\n<\/div><\/div>\n\n\n\n<div style=\"height:100px\" aria-hidden=\"true\" class=\"wp-block-spacer\"><\/div>\n\n\n\n<div class=\"wp-block-media-text alignwide has-media-on-the-right is-stacked-on-mobile is-vertically-aligned-top\"><figure class=\"wp-block-media-text__media\"><img loading=\"lazy\" width=\"768\" height=\"1024\" src=\"http:\/\/erwinkropfitsch.at\/wp-content\/uploads\/2023\/08\/Stefan-Kropfitsch-768x1024-1.jpg\" alt=\"\" class=\"wp-image-305 size-medium\" srcset=\"http:\/\/erwinkropfitsch.at\/wp-content\/uploads\/2023\/08\/Stefan-Kropfitsch-768x1024-1.jpg 768w, http:\/\/erwinkropfitsch.at\/wp-content\/uploads\/2023\/08\/Stefan-Kropfitsch-768x1024-1-225x300.jpg 225w\" sizes=\"(max-width: 768px) 100vw, 768px\" \/><\/figure><div class=\"wp-block-media-text__content\">\n<p class=\"has-large-font-size\"><strong><strong><strong>Stefan Kropfitsch, Cello<\/strong><\/strong><\/strong><\/p>\n\n\n\n<p>Mit 6 Jahren Beginn des Cellospiels bei Prof. Tobias K\u00fchne.&nbsp;1.Preis beim Dr. Karl B\u00f6hm-Preis der Wiener Philharmoniker.&nbsp;Studium Konzertfach Violoncello bis zum einstimmigen Diplom mit Auszeichnung an der Wiener&nbsp;Musikhochschule.&nbsp;Postgraduate Studiums bei Prof. Wolfgang Herzer, Solocellist der Wiener Philharmoniker.&nbsp;<\/p>\n\n\n\n<p>Mit seinem Klaviertrio Jess-Trio-Wien gestaltet er seit 25 Jahren einen Zyklus von 6 Konzerten im Wiener Konzerthaus im Mozartsaal.&nbsp;<\/p>\n\n\n\n<p>Auftritte im Wiener Musikverein, Gesellschaft der Wiener Musikfreunde, Wiener Festwochen, Jeunesse, Klangbogen, Salzburg (Mozarteum) Mailand (Teatro Piccolo ), Basel (Casineum), Barcelona (Palau de Musica), London (Wigmore-Hall, Purcell Room), New York (Carnegie Hall ), Warschau Philharmonie , Jerusalem (Rebecca Crown Hall), Hamburg (Musikhalle) Graz (Stefanien Saal), Linz (Brucknerhaus), Palermo (Teatro Golden), Z\u00fcrich (Tonhalle), Hamburg (Musikhalle) , Berlin (Philharmonie) etc.&nbsp;<\/p>\n\n\n\n<p>Konzerte bei vielen Festivals wie Wiener Festwochen, Internationale Musikfestwochen Luzern,&nbsp;Bregenzer Festspiele, Carinthischer Sommer, Wien modern, u.v.m.&nbsp;<\/p>\n\n\n\n<p>Vielbeachtet die Einspielung des Dvorak Cellokonzertes und Tschaikowsky Rokoko-Variationen&nbsp;im James Bond Film \u201d The living Daylights\u201d (Hauch des Todes).&nbsp;Zahlreiche solistische Auftritte mit den folgenden Orchestern:&nbsp;<\/p>\n\n\n\n<p>Mozarteum Orchester Salzburg, Festival Strings Lucerne, Orchester des S\u00fcdwestdeutschen&nbsp;Rundfunks, Moskauer Philharmoniker, Moskauer Symphonieorchester, Laibacher Symphonisches&nbsp;Orchester, N\u00d6-Tonk\u00fcnstler, Wiener Solisten, Collegium Musicum Basel.<\/p>\n\n\n\n<p>Der Cellist Stefan Kropfitsch wurde 2006 zum ao.Univ. Prof. an der Wiener Musikuniversit\u00e4t f\u00fcr&nbsp;Konzertfach Violoncello ernannt.&nbsp;<\/p>\n<\/div><\/div>\n\n\n\n<div style=\"height:100px\" aria-hidden=\"true\" class=\"wp-block-spacer\"><\/div>\n\n\n\n<div class=\"wp-block-media-text alignwide has-media-on-the-right is-stacked-on-mobile is-vertically-aligned-top\"><figure class=\"wp-block-media-text__media\"><img loading=\"lazy\" width=\"1024\" height=\"768\" src=\"http:\/\/erwinkropfitsch.at\/wp-content\/uploads\/2023\/08\/SB-1024x768-1.png\" alt=\"\" class=\"wp-image-304 size-medium\" srcset=\"http:\/\/erwinkropfitsch.at\/wp-content\/uploads\/2023\/08\/SB-1024x768-1.png 1024w, http:\/\/erwinkropfitsch.at\/wp-content\/uploads\/2023\/08\/SB-1024x768-1-300x225.png 300w, http:\/\/erwinkropfitsch.at\/wp-content\/uploads\/2023\/08\/SB-1024x768-1-768x576.png 768w\" sizes=\"(max-width: 1024px) 100vw, 1024px\" \/><\/figure><div class=\"wp-block-media-text__content\">\n<p class=\"has-large-font-size\"><strong><strong>Sebastian Bertoncelj<\/strong>, Cello<\/strong><\/p>\n\n\n\n<p>Der slowenische Cellist&nbsp;<strong>Sebastian Bertoncelj<\/strong>&nbsp;ist regelm\u00e4\u00dfiger Gast auf den B\u00fchnen seiner Heimat Slowenien sowie im Ausland. Als Solist konzertiert er mit f\u00fchrenden slowenischen Orchestern (Slowenische Philharmonie, Rundfunkorchester Ljubljana u.a.) unter Dirigenten Philipp von Steinaecker, En Shao, Uro\u0161 Lajovec, Simon Dvor\u0161ak und gab Rezitale bei wichtigen Festivals \u2013 Jeunesse Musicale Slowenien, Festival<\/p>\n\n\n\n<p>Velenje, Festival Ljubljana, Nei suoni dei luoghi, Teatro Verdi Trieste, Teatro Bon Udine. Sebastian Bertoncelj ist ein begeisterter Kammermusiker \u2013 er musizierte mit namhaften Pers\u00f6nlichkeiten wie Milo\u0161 Mlejnik, Lorenzo Cossi, Wonji Kim Ozim, Erwin Kropfitsch, Bo\u0161tjan Lipov\u0161ek, Emile Cantor, Mark Gothoni, Aylen Pritchin, Emma Steele, Christopher Tun Andersen und Luz Leskowitz. Nach seinem langj\u00e4hrigen Studium bei Milo\u0161 Mlejnik in Ljubljana studierte er in Essen, Stuttgart, Luzern und an der Musik Universit\u00e4t \u201eMozarteum\u201c in Salzburg. Zu seinen Lehrern z\u00e4hlen Conradin Brotbek, Christian<\/p>\n\n\n\n<p>Poltera und Enrico Bronzi. Weitere k\u00fcnstlerische Impulse bekam er durch Begegnungen mit G\u00f6tz Teutsch und Thomas Carroll. Sebastian Bertoncelj ist Professor am Konservatorium Maribor und am Musikgymnasium in Celje. Seit 2020 ist er Assistent an der Musik Universit\u00e4t Ljubljana und \u00fcbernahm im Studienjahr 2021\/22 die Cello Klasse an der Gustav Mahler Privatuniversit\u00e4t in Klagenfurt.<\/p>\n<\/div><\/div>\n\n\n\n<div style=\"height:100px\" aria-hidden=\"true\" class=\"wp-block-spacer\"><\/div>\n\n\n\n<div class=\"wp-block-media-text alignwide has-media-on-the-right is-stacked-on-mobile is-vertically-aligned-top\"><figure class=\"wp-block-media-text__media\"><img loading=\"lazy\" width=\"1024\" height=\"1024\" src=\"http:\/\/erwinkropfitsch.at\/wp-content\/uploads\/2021\/05\/lukas-1024x1024.jpg\" alt=\"\" class=\"wp-image-263 size-medium\" srcset=\"http:\/\/erwinkropfitsch.at\/wp-content\/uploads\/2021\/05\/lukas-1024x1024.jpg 1024w, http:\/\/erwinkropfitsch.at\/wp-content\/uploads\/2021\/05\/lukas-300x300.jpg 300w, http:\/\/erwinkropfitsch.at\/wp-content\/uploads\/2021\/05\/lukas-150x150.jpg 150w, http:\/\/erwinkropfitsch.at\/wp-content\/uploads\/2021\/05\/lukas-768x768.jpg 768w, http:\/\/erwinkropfitsch.at\/wp-content\/uploads\/2021\/05\/lukas.jpg 1080w\" sizes=\"(max-width: 1024px) 100vw, 1024px\" \/><\/figure><div class=\"wp-block-media-text__content\">\n<p class=\"has-large-font-size\"><strong>Luka Ljubas, Violine<\/strong><\/p>\n\n\n\n<p>Gepriesen f\u00fcr seine \u201eoffene und ehrlich musizierende Art\u201c, sowie f\u00fcr \u201eseine Reife, seinen besonderen Ton und seine Leichtigkeit\u201c z\u00e4hlt Luka Ljubas zu den aufstrebenden Musikern seiner Generation.<\/p>\n\n\n\n<p>Luka Ljubas machte erstmals international auf sich aufmerksam, indem er als erster Kroate in der 40-J\u00e4hrigen Geschichte des \u201eInternationalen Vaclav Huml Wettbewerbes\u201c den 1. Preis errang und mit allen Sonderpreisen ausgezeichnet worden ist.<\/p>\n\n\n\n<p>2017&nbsp;spielte der \u201eCroatian Young Musician of the Year&nbsp;2017\u201c mit dem HRT Symphony Orchestra unter der Leitung von Eduard Strausser im Rahmen der \u201eGlazba i grada\u201c ein Open-Air-Konzert vor mehreren tausend Personen, welches man live im kroatischen Fernsehsender \u201eHRT\u201c mitverfolgen konnte.<\/p>\n\n\n\n<p>F\u00fcr die Saison&nbsp;2017\/2018&nbsp;z\u00e4hlen Engagements unter anderem mit Brahms\u2018 Violinkonzert mit dem Zagreb Philharmonic Orchestra unter der Leitung von Kevin John Edusei und dem Konse Sinfonie Orchester unter der Leitung von Alexei Kornienko und Edwin Caceres, Tschaikowskys Violinkonzert mit dem HRT Symphony Orchestra unter der Leitung von Tonci Bilic, Mendelssohns Violinkonzert in e-Moll mit dem Dubrovnik Symphony Orchestra unter der Leitung von TaeJung Lee und \u201eIntroduction et Rondo Capriccioso\u201c unter Noorman Widjaja, Mozarts A-Dur Violinkonzert mit dem Akademischen Orchester Verein unter der Leitung von Christian Birnbaum und ein Konzert mit den Zagreber Solisten, sowie sein Debut im Goldenen Saal des Wiener Musikvereins.<\/p>\n\n\n\n<p>Luka Ljubas wurde&nbsp;1996&nbsp;in eine kroatisch-japanische Musikerfamilie in Wien geboren. Seinen ersten Geigenunterricht erhielt Luka von seiner Mutter und an der Musikschule Margareten in Wien in der Klasse von Prof. Arkadij Winokurow.&nbsp;2006&nbsp;wurde er Sch\u00fcler am K\u00e4rntner Landeskonservatorium in der Klasse von Prof. Brian Finlayson. Seit&nbsp;2012&nbsp;wird er an der Universit\u00e4t f\u00fcr Musik und Darstellende Kunst Wien von Prof. Gerhard Schulz unterrichtet.<\/p>\n\n\n\n<p>Im Zuge des Probespiels f\u00fcr die 1. Konzertmeisterstelle der Wiener Staatsoper\/der Wiener Philharmoniker, spielte er im Februar 2019 einen Teil des Beethoven Violin Konzertes mit dem Wiener Staatsopern Orchester\/den Wiener Philharmonikern. Ihm wurde als Zweitplatzierter eine 1 . Geige Tutti-Stelle angeboten, die er ab September 2019 antreten wird.<\/p>\n\n\n\n<p>Die Wiener Geigenbauerin Christine Eriks unterst\u00fctzt ihn in seiner geigerischen Entwicklung durch die Leihgabe von Geigen und B\u00f6gen. Seit 2014&nbsp;konzertiert er auf einer Giovanni Battista Guadagnini,&nbsp;1783-1785, aus Turin. Diese Violine wird ihm freundlicherweise von Andrea K\u00f6nig durch die \u201eBeare\u2019s International Violin Society\u201c aus London zur Verf\u00fcgung gestellt.<\/p>\n<\/div><\/div>\n\n\n\n<div style=\"height:100px\" aria-hidden=\"true\" class=\"wp-block-spacer\"><\/div>\n\n\n\n<div class=\"wp-block-media-text alignwide has-media-on-the-right is-stacked-on-mobile is-vertically-aligned-top\"><figure class=\"wp-block-media-text__media\"><img loading=\"lazy\" width=\"1024\" height=\"1024\" src=\"http:\/\/erwinkropfitsch.at\/wp-content\/uploads\/2021\/05\/Natalia-1024x1024.jpg\" alt=\"\" class=\"wp-image-266 size-medium\" srcset=\"http:\/\/erwinkropfitsch.at\/wp-content\/uploads\/2021\/05\/Natalia-1024x1024.jpg 1024w, http:\/\/erwinkropfitsch.at\/wp-content\/uploads\/2021\/05\/Natalia-300x300.jpg 300w, http:\/\/erwinkropfitsch.at\/wp-content\/uploads\/2021\/05\/Natalia-150x150.jpg 150w, http:\/\/erwinkropfitsch.at\/wp-content\/uploads\/2021\/05\/Natalia-768x768.jpg 768w, http:\/\/erwinkropfitsch.at\/wp-content\/uploads\/2021\/05\/Natalia.jpg 1080w\" sizes=\"(max-width: 1024px) 100vw, 1024px\" \/><\/figure><div class=\"wp-block-media-text__content\">\n<p class=\"has-large-font-size\"><strong>Nat\u00e0lia Pacheco Guerrero, Sopran<\/strong><\/p>\n\n\n\n<p>Die K\u00fcnstlerin Nat\u00e0lia Pacheco Guerrero wird 2003 in Barcelona (Spanien) geboren. Mit f\u00fcnf Jahren beginnt sie mit dem Violinen Unterricht und entdeckt ihre Liebe zur Musik.<\/p>\n\n\n\n<p>Als sie 2013 mit ihrer Familie nach K\u00e4rnten zieht, findet sie ein neues musikalisches Zuhause. Am Musikgymnasium in Viktring erh\u00e4lt sie Gelegenheit, ihr vielseitiges k\u00fcnstlerisches Talent zu entfalten.&nbsp;<\/p>\n\n\n\n<p>Ihre Violinen Ausbildung setzt sie von nun an bei Brian Finlayson am ehemaligen Konservatorium (heute Gustav Mahler Privat Universit\u00e4t f\u00fcr Musik) in Klagenfurt fort.<\/p>\n\n\n\n<p>2017 entdeckt Nat\u00e0lia ihre Begeisterung f\u00fcr den Gesang bei Krassimir Tassev an der Gustav Mahler Musikschule, an der sie bis heute studiert.<\/p>\n\n\n\n<p>Nur ein Jahr darauf gewinnt sie beim Bundeswettbewerb Prima la Musica in Innsbruck den 1. Preis. Ihre au\u00dferordentliche s\u00e4ngerische Begabung wird mit einer Goldmedaille pr\u00e4miert.<\/p>\n\n\n\n<p>Als Solistin der Singakademie Carinthia ist Nat\u00e0lia bei zahlreichen Konzerten pr\u00e4sent (Auftritte in u.a. Salzburg und Slowenien).<\/p>\n\n\n\n<p>Zudem begeistert sie 2019 zusammen mit dem Orchester der Gustav Mahler Musikschule in der Rolle der Carmen von Bizet. Weitere Auftritte als Solistin folgen \u2013 gemeinsam mit der \u201eJungen Bl\u00e4serphilharmonie K\u00e4rnten\u201c und an der Seite von Sopranistin Lisa Lebitschnig im \u201eFlower Duett\u201c.<\/p>\n\n\n\n<p>Nat\u00e0lia nimmt erfolgreich an mehreren Sommer Musikakademien teil (Feldkirchen, Ossiach und Stift Viktring). So baut sie ihre k\u00fcnstlerischen F\u00e4higkeiten sowohl im Gesang als auch an der Violine kontinuierlich aus.<\/p>\n\n\n\n<p>Aufgrund ihrer herausragenden s\u00e4ngerischen Entwicklung wird Nat\u00e0lia 2018 ins Programm des ECM (Excellenzcluster Musik) in Kooperation mit der Gustav Mahler Privatuniversit\u00e4t f\u00fcr Musik aufgenommen.<\/p>\n<\/div><\/div>\n\n\n\n<div style=\"height:100px\" aria-hidden=\"true\" class=\"wp-block-spacer\"><\/div>\n\n\n\n<div class=\"wp-block-media-text alignwide has-media-on-the-right is-stacked-on-mobile is-vertically-aligned-top\"><figure class=\"wp-block-media-text__media\"><img loading=\"lazy\" width=\"1024\" height=\"1024\" src=\"http:\/\/erwinkropfitsch.at\/wp-content\/uploads\/2021\/05\/manuel-1024x1024.jpg\" alt=\"\" class=\"wp-image-268 size-medium\" srcset=\"http:\/\/erwinkropfitsch.at\/wp-content\/uploads\/2021\/05\/manuel-1024x1024.jpg 1024w, http:\/\/erwinkropfitsch.at\/wp-content\/uploads\/2021\/05\/manuel-300x300.jpg 300w, http:\/\/erwinkropfitsch.at\/wp-content\/uploads\/2021\/05\/manuel-150x150.jpg 150w, http:\/\/erwinkropfitsch.at\/wp-content\/uploads\/2021\/05\/manuel-768x768.jpg 768w, http:\/\/erwinkropfitsch.at\/wp-content\/uploads\/2021\/05\/manuel.jpg 1080w\" sizes=\"(max-width: 1024px) 100vw, 1024px\" \/><\/figure><div class=\"wp-block-media-text__content\">\n<p class=\"has-large-font-size\"><strong>Manuel Schager, Cello<\/strong><\/p>\n\n\n\n<p>Manuel Schager, 1994 in Wien geboren, erhielt seinen ersten Violoncello Unterricht bei Elisabeth Pagitsch an der Musikschule V\u00f6lkermarkt.<\/p>\n\n\n\n<p>Im Alter von zw\u00f6lf Jahren wechselte er an das Landeskonservatorium Klagenfurt zu Igor Mitrovi\u010d und sp\u00e4ter zu Milo\u0161 Mlejnik. Nach der Matura mit ausgezeichnetem Erfolg am Musikgymnasium Viktring beginnt er sein Studium f\u00fcr Konzertfach Violoncello an der Universit\u00e4t f\u00fcr Musik und darstellende Kunst Wien bei Robert Nagy.<\/p>\n\n\n\n<p>Sp\u00e4ter wechselt Manuel in die Klasse von Bruno Weinmeister und studiert seit 2018 zus\u00e4tzlich Instrumentalp\u00e4dagogik Violoncello. <\/p>\n\n\n\n<p>Namhafte Einfl\u00fcsse w\u00e4hrend seiner Studienzeit erh\u00e4lt er durch Clive Brown, Christian Poltera, Marialena Fernandes, Johannes Meissl, Peter Matzka und Wolfgang Herzer.<\/p>\n\n\n\n<p>Sein besonderes Interesse gilt der zeitgen\u00f6ssischen Musik. In diesem Bereich erh\u00e4lt er Unterricht von Andreas Lindenbaum sowie anderen Mitgliedern des Klangforums Wien.<\/p>\n\n\n\n<p>Manuel ist Mitglied des Ensembles Wiener Collage, spielt regelm\u00e4\u00dfig mit dem Ensemble Phace und arbeitet eng mit aufstrebenden und etablierten Komponisten wie Tristan Murail, Bernhard Gander, Yann Robin, Michael Jarell u. a. zusammen.<\/p>\n\n\n\n<p>Er ist Gast bei zahlreichen Festivals wie Wien Modern, Lavaux Classique oder Zeitimpuls Innsbruck. Weiters bet\u00e4tigt er sich als Solist, Kammermusiker, Theatermusiker, Cellolehrer und im Bereich der freien Improvisation.<\/p>\n<\/div><\/div>\n\n\n\n<div style=\"height:100px\" aria-hidden=\"true\" class=\"wp-block-spacer\"><\/div>\n\n\n\n<div class=\"wp-block-media-text alignwide has-media-on-the-right is-stacked-on-mobile is-vertically-aligned-top\"><figure class=\"wp-block-media-text__media\"><img loading=\"lazy\" width=\"1024\" height=\"1024\" src=\"http:\/\/erwinkropfitsch.at\/wp-content\/uploads\/2021\/05\/alexander-1024x1024.jpg\" alt=\"\" class=\"wp-image-272 size-medium\" srcset=\"http:\/\/erwinkropfitsch.at\/wp-content\/uploads\/2021\/05\/alexander-1024x1024.jpg 1024w, http:\/\/erwinkropfitsch.at\/wp-content\/uploads\/2021\/05\/alexander-300x300.jpg 300w, http:\/\/erwinkropfitsch.at\/wp-content\/uploads\/2021\/05\/alexander-150x150.jpg 150w, http:\/\/erwinkropfitsch.at\/wp-content\/uploads\/2021\/05\/alexander-768x768.jpg 768w, http:\/\/erwinkropfitsch.at\/wp-content\/uploads\/2021\/05\/alexander.jpg 1080w\" sizes=\"(max-width: 1024px) 100vw, 1024px\" \/><\/figure><div class=\"wp-block-media-text__content\">\n<p class=\"has-large-font-size\"><strong>Aleksander Simic, Cello<\/strong><\/p>\n\n\n\n<p>Aleksander (16) begann im Alter von f\u00fcnf Jahren Cello zu spielen. Seine Mutter Eva \u2013 Solocellistin des K\u00e4rntner Symphonie Orchesters \u2013 war Aleksanders erste Lehrerin. <\/p>\n\n\n\n<p>Nun studiert er in der hochbegabten Klasse von Istvan V\u00e1rdai an der Wiener Musik Universit\u00e4t. Zudem besucht Aleksander das Musikgymnasium in Viktring-Klagenfurt. Viele erste Preise gehen bereits auf sein Konto, 2019 gewinnt er eine Gold Medaille des 4. Manhatten Intern. Music Competition New York und wird sich am 25. Februar 2020 erstmals in der Carnegie Hall dem Publikum pr\u00e4sentieren.<\/p>\n<\/div><\/div>\n\n\n\n<div style=\"height:100px\" aria-hidden=\"true\" class=\"wp-block-spacer\"><\/div>\n\n\n\n<div class=\"wp-block-media-text alignwide has-media-on-the-right is-stacked-on-mobile is-vertically-aligned-top\"><figure class=\"wp-block-media-text__media\"><img loading=\"lazy\" width=\"1024\" height=\"1024\" src=\"http:\/\/erwinkropfitsch.at\/wp-content\/uploads\/2021\/05\/katja-1024x1024.jpg\" alt=\"\" class=\"wp-image-275 size-medium\" srcset=\"http:\/\/erwinkropfitsch.at\/wp-content\/uploads\/2021\/05\/katja-1024x1024.jpg 1024w, http:\/\/erwinkropfitsch.at\/wp-content\/uploads\/2021\/05\/katja-300x300.jpg 300w, http:\/\/erwinkropfitsch.at\/wp-content\/uploads\/2021\/05\/katja-150x150.jpg 150w, http:\/\/erwinkropfitsch.at\/wp-content\/uploads\/2021\/05\/katja-768x768.jpg 768w, http:\/\/erwinkropfitsch.at\/wp-content\/uploads\/2021\/05\/katja.jpg 1080w\" sizes=\"(max-width: 1024px) 100vw, 1024px\" \/><\/figure><div class=\"wp-block-media-text__content\">\n<p class=\"has-large-font-size\"><strong>Katja Pogoriutschnig, Klavier\/Gesang<\/strong><\/p>\n\n\n\n<p>Katja&nbsp;ist von der K\u00e4rntner Musikszene l\u00e4ngst in Augenschein genommen, sowohl als Pianistin die aktuell an der GMPU ein Musikp\u00e4dagogik Studium absolviert, als auch im Ensemble des K\u00e4rntner Damen Chores Young Roses hat sie sich bestens etabliert.<\/p>\n<\/div><\/div>\n\n\n\n<div style=\"height:100px\" aria-hidden=\"true\" class=\"wp-block-spacer\"><\/div>\n\n\n\n<div class=\"wp-block-media-text alignwide has-media-on-the-right is-stacked-on-mobile is-vertically-aligned-top\"><figure class=\"wp-block-media-text__media\"><img loading=\"lazy\" width=\"1024\" height=\"1024\" src=\"http:\/\/erwinkropfitsch.at\/wp-content\/uploads\/2021\/06\/SebiOrasch-1024x1024.png\" alt=\"\" class=\"wp-image-282 size-medium\" srcset=\"http:\/\/erwinkropfitsch.at\/wp-content\/uploads\/2021\/06\/SebiOrasch-1024x1024.png 1024w, http:\/\/erwinkropfitsch.at\/wp-content\/uploads\/2021\/06\/SebiOrasch-300x300.png 300w, http:\/\/erwinkropfitsch.at\/wp-content\/uploads\/2021\/06\/SebiOrasch-150x150.png 150w, http:\/\/erwinkropfitsch.at\/wp-content\/uploads\/2021\/06\/SebiOrasch-768x768.png 768w, http:\/\/erwinkropfitsch.at\/wp-content\/uploads\/2021\/06\/SebiOrasch-1536x1536.png 1536w, http:\/\/erwinkropfitsch.at\/wp-content\/uploads\/2021\/06\/SebiOrasch-2048x2048.png 2048w, http:\/\/erwinkropfitsch.at\/wp-content\/uploads\/2021\/06\/SebiOrasch-2000x2000.png 2000w, http:\/\/erwinkropfitsch.at\/wp-content\/uploads\/2021\/06\/SebiOrasch-1800x1800.png 1800w\" sizes=\"(max-width: 1024px) 100vw, 1024px\" \/><\/figure><div class=\"wp-block-media-text__content\">\n<p class=\"has-large-font-size\"><strong>Sebastian Orasch, Klavier\/<\/strong><\/p>\n\n\n\n<p>Geboren wurde Sebastian Orasch am 16.6.2006 in Klagenfurt am W\u00f6rthersee, aufgewachsen im Rosental.<br>Erste Versuche mit 5 Jahren am Pianino, Unterricht bis zum 10 Lebensjahr zu Hause durch einen Privatlehrer.<br>Fr\u00fch lernte er vor Publikum zu spielen.<br>Seit 2016 wird Sebastian von Hrn. Prof. Mag. Kropfitsch unterrichtet und besucht das Viktringer Musikgymnasium.<br>Teilnahme an Prima la musica 2018 und 2020. Er belegte dabei &nbsp; jeweils den erster Platz.<br>Weiters nahm er an mehreren Master- und Sommerkursen teil.<br>Sebastian nimmt zus\u00e4tzlich Unterricht an der Orgel&nbsp; und gestaltete bisher mehrere Messen musikalisch.<\/p>\n<\/div><\/div>\n\n\n\n<div style=\"height:100px\" aria-hidden=\"true\" class=\"wp-block-spacer\"><\/div>\n\n\n\n<div class=\"wp-block-media-text alignwide has-media-on-the-right is-stacked-on-mobile is-vertically-aligned-top\"><figure class=\"wp-block-media-text__media\"><img loading=\"lazy\" width=\"1024\" height=\"1024\" src=\"http:\/\/erwinkropfitsch.at\/wp-content\/uploads\/2021\/06\/JohannesSab-1024x1024.png\" alt=\"\" class=\"wp-image-283 size-medium\" srcset=\"http:\/\/erwinkropfitsch.at\/wp-content\/uploads\/2021\/06\/JohannesSab-1024x1024.png 1024w, http:\/\/erwinkropfitsch.at\/wp-content\/uploads\/2021\/06\/JohannesSab-300x300.png 300w, http:\/\/erwinkropfitsch.at\/wp-content\/uploads\/2021\/06\/JohannesSab-150x150.png 150w, http:\/\/erwinkropfitsch.at\/wp-content\/uploads\/2021\/06\/JohannesSab-768x768.png 768w, http:\/\/erwinkropfitsch.at\/wp-content\/uploads\/2021\/06\/JohannesSab.png 1200w\" sizes=\"(max-width: 1024px) 100vw, 1024px\" \/><\/figure><div class=\"wp-block-media-text__content\">\n<p class=\"has-large-font-size\"><strong><strong><strong>Johannes Sabotnik<\/strong><\/strong>, Klavier\/<\/strong><\/p>\n\n\n\n<p>Johannes wurde im Januar 2007 in Klagenfurt geboren.<br>Mit 4 Jahren nahm ihn der Vater regelm\u00e4\u00dfig in die Kirche mit und dort kam er erstmals mit der Orgel in Ber\u00fchrung.<br>Sp\u00e4ter lernte er auch spielerisch erstes Grundwissen \u00fcber die Notation kennen.<br>Den ersten Klavierunterricht bekam er mit 10 Jahren am Musikgymnasium&nbsp;Viktring bei Prof. Erwin Kropfitsch.&nbsp;<br>Derzeit studiert er immer noch bei Prof. Erwin Kropfitsch Klavier und besucht&nbsp;weiterhin das Viktringer Gymnasium.&nbsp;<br>Zus\u00e4tzlich spielt er in der Keutschacher Pfarrkirche die Orgel und&nbsp;singt im Kirchenchor.&nbsp;<br>2020 trat er zum ersten mal bei \u201ePrima la Musica\u201c auf und gewann&nbsp;dort den ersten Preis.<br>Auch f\u00fcr 2021 gibt es schon viele weitere Einladungen.<\/p>\n<\/div><\/div>\n\n\n\n<div style=\"height:100px\" aria-hidden=\"true\" class=\"wp-block-spacer\"><\/div>\n\n\n\n<p><\/p>\n","protected":false},"excerpt":{"rendered":"<p>Kropfitsch Music Projects&nbsp;KMP&nbsp;wurde 2005 von Erwin Kropfitsch, Pianist und Musikp\u00e4dagoge gegr\u00fcndet. Sein musikalisch vielf\u00e4ltiger Weg, auf dem er sich k\u00fcnstlerischen und auch organisatorischen Aufgaben mit gr\u00f6\u00dftem Engagement und ebensolcher Effizienz widmet, f\u00fchrt durch die Umsetzung des Projektes KMP zu einer logischen Entwicklung seines T\u00e4tigkeitsbereiches im Rahmen des: Matinee:&#8222;Sonntags um 11&#8243; Das Johannes Brahms Privatkonservatorium Viktring &hellip; <\/p>\n<p class=\"link-more\"><a href=\"http:\/\/erwinkropfitsch.at\/\" class=\"more-link\">Mehr <span class=\"screen-reader-text\">\u00fcber &#8222;Kropfitsch Music Project&#8220; <\/span>Lesen<\/a><\/p>\n","protected":false},"author":1,"featured_media":0,"parent":0,"menu_order":0,"comment_status":"closed","ping_status":"closed","template":"","meta":[],"yoast_head":"<!-- This site is optimized with the Yoast SEO plugin v17.2.1 - https:\/\/yoast.com\/wordpress\/plugins\/seo\/ -->\n<title>Kropfitsch Music Project - Kropfitsch | Music | Projects<\/title>\n<meta name=\"description\" content=\"Geboren am 23.7.1958 in Klagenfurt, Klavierunterricht am K\u00e4rntner Landeskonservatorium bei Prof. Johanna Inzko und Dr. Walter Langer. Nach der Reifepr\u00fcfung 1977 Studium an der Universit\u00e4t Salzburg und an der Hochschule f\u00fcr Musik und Darstellende Kunst \u201eMozarteum\u201c Salzburg, Klavier bei Univ. Prof. Brian Lamport.\" \/>\n<meta name=\"robots\" content=\"index, follow, max-snippet:-1, max-image-preview:large, max-video-preview:-1\" \/>\n<link rel=\"canonical\" href=\"http:\/\/erwinkropfitsch.at\/\" \/>\n<meta property=\"og:locale\" content=\"de_DE\" \/>\n<meta property=\"og:type\" content=\"article\" \/>\n<meta property=\"og:title\" content=\"Kropfitsch Music Project - Kropfitsch | Music | Projects\" \/>\n<meta property=\"og:description\" content=\"Geboren am 23.7.1958 in Klagenfurt, Klavierunterricht am K\u00e4rntner Landeskonservatorium bei Prof. Johanna Inzko und Dr. Walter Langer. Nach der Reifepr\u00fcfung 1977 Studium an der Universit\u00e4t Salzburg und an der Hochschule f\u00fcr Musik und Darstellende Kunst \u201eMozarteum\u201c Salzburg, Klavier bei Univ. Prof. Brian Lamport.\" \/>\n<meta property=\"og:url\" content=\"http:\/\/erwinkropfitsch.at\/\" \/>\n<meta property=\"og:site_name\" content=\"Kropfitsch | Music | Projects\" \/>\n<meta property=\"article:modified_time\" content=\"2023-11-12T15:54:18+00:00\" \/>\n<meta property=\"og:image\" content=\"http:\/\/erwinkropfitsch.at\/wp-content\/uploads\/2015\/10\/Erwin_am_Klavier-1024x682.jpg\" \/>\n<meta name=\"twitter:card\" content=\"summary_large_image\" \/>\n<meta name=\"twitter:label1\" content=\"Gesch\u00e4tzte Lesezeit\" \/>\n\t<meta name=\"twitter:data1\" content=\"17\u00a0Minuten\" \/>\n<script type=\"application\/ld+json\" class=\"yoast-schema-graph\">{\"@context\":\"https:\/\/schema.org\",\"@graph\":[{\"@type\":\"WebSite\",\"@id\":\"http:\/\/erwinkropfitsch.at\/#website\",\"url\":\"http:\/\/erwinkropfitsch.at\/\",\"name\":\"Kropfitsch | Music | Projects\",\"description\":\"Geboren am 23.7.1958 in Klagenfurt, Klavierunterricht am K\\u00e4rntner Landeskonservatorium bei Prof. Johanna Inzko und Dr. Walter Langer. Nach der Reifepr\\u00fcfung 1977 Studium an der Universit\\u00e4t Salzburg und an der Hochschule f\\u00fcr Musik und Darstellende Kunst \\u201eMozarteum\\u201c Salzburg, Klavier bei Univ. Prof. Brian Lamport.\",\"potentialAction\":[{\"@type\":\"SearchAction\",\"target\":{\"@type\":\"EntryPoint\",\"urlTemplate\":\"http:\/\/erwinkropfitsch.at\/?s={search_term_string}\"},\"query-input\":\"required name=search_term_string\"}],\"inLanguage\":\"de\"},{\"@type\":\"ImageObject\",\"@id\":\"http:\/\/erwinkropfitsch.at\/#primaryimage\",\"inLanguage\":\"de\",\"url\":\"http:\/\/erwinkropfitsch.at\/wp-content\/uploads\/2015\/10\/Erwin_am_Klavier.jpg\",\"contentUrl\":\"http:\/\/erwinkropfitsch.at\/wp-content\/uploads\/2015\/10\/Erwin_am_Klavier.jpg\",\"width\":2464,\"height\":1640},{\"@type\":\"WebPage\",\"@id\":\"http:\/\/erwinkropfitsch.at\/#webpage\",\"url\":\"http:\/\/erwinkropfitsch.at\/\",\"name\":\"Kropfitsch Music Project - Kropfitsch | Music | Projects\",\"isPartOf\":{\"@id\":\"http:\/\/erwinkropfitsch.at\/#website\"},\"primaryImageOfPage\":{\"@id\":\"http:\/\/erwinkropfitsch.at\/#primaryimage\"},\"datePublished\":\"2021-05-24T13:36:41+00:00\",\"dateModified\":\"2023-11-12T15:54:18+00:00\",\"description\":\"Geboren am 23.7.1958 in Klagenfurt, Klavierunterricht am K\\u00e4rntner Landeskonservatorium bei Prof. Johanna Inzko und Dr. Walter Langer. Nach der Reifepr\\u00fcfung 1977 Studium an der Universit\\u00e4t Salzburg und an der Hochschule f\\u00fcr Musik und Darstellende Kunst \\u201eMozarteum\\u201c Salzburg, Klavier bei Univ. Prof. Brian Lamport.\",\"breadcrumb\":{\"@id\":\"http:\/\/erwinkropfitsch.at\/#breadcrumb\"},\"inLanguage\":\"de\",\"potentialAction\":[{\"@type\":\"ReadAction\",\"target\":[\"http:\/\/erwinkropfitsch.at\/\"]}]},{\"@type\":\"BreadcrumbList\",\"@id\":\"http:\/\/erwinkropfitsch.at\/#breadcrumb\",\"itemListElement\":[{\"@type\":\"ListItem\",\"position\":1,\"name\":\"Startseite\",\"item\":\"http:\/\/erwinkropfitsch.at\/\"},{\"@type\":\"ListItem\",\"position\":2,\"name\":\"Kropfitsch Music Project\"}]}]}<\/script>\n<!-- \/ Yoast SEO plugin. -->","yoast_head_json":{"title":"Kropfitsch Music Project - Kropfitsch | Music | Projects","description":"Geboren am 23.7.1958 in Klagenfurt, Klavierunterricht am K\u00e4rntner Landeskonservatorium bei Prof. Johanna Inzko und Dr. Walter Langer. Nach der Reifepr\u00fcfung 1977 Studium an der Universit\u00e4t Salzburg und an der Hochschule f\u00fcr Musik und Darstellende Kunst \u201eMozarteum\u201c Salzburg, Klavier bei Univ. Prof. Brian Lamport.","robots":{"index":"index","follow":"follow","max-snippet":"max-snippet:-1","max-image-preview":"max-image-preview:large","max-video-preview":"max-video-preview:-1"},"canonical":"http:\/\/erwinkropfitsch.at\/","og_locale":"de_DE","og_type":"article","og_title":"Kropfitsch Music Project - Kropfitsch | Music | Projects","og_description":"Geboren am 23.7.1958 in Klagenfurt, Klavierunterricht am K\u00e4rntner Landeskonservatorium bei Prof. Johanna Inzko und Dr. Walter Langer. Nach der Reifepr\u00fcfung 1977 Studium an der Universit\u00e4t Salzburg und an der Hochschule f\u00fcr Musik und Darstellende Kunst \u201eMozarteum\u201c Salzburg, Klavier bei Univ. Prof. Brian Lamport.","og_url":"http:\/\/erwinkropfitsch.at\/","og_site_name":"Kropfitsch | Music | Projects","article_modified_time":"2023-11-12T15:54:18+00:00","og_image":[{"url":"http:\/\/erwinkropfitsch.at\/wp-content\/uploads\/2015\/10\/Erwin_am_Klavier-1024x682.jpg"}],"twitter_card":"summary_large_image","twitter_misc":{"Gesch\u00e4tzte Lesezeit":"17\u00a0Minuten"},"schema":{"@context":"https:\/\/schema.org","@graph":[{"@type":"WebSite","@id":"http:\/\/erwinkropfitsch.at\/#website","url":"http:\/\/erwinkropfitsch.at\/","name":"Kropfitsch | Music | Projects","description":"Geboren am 23.7.1958 in Klagenfurt, Klavierunterricht am K\u00e4rntner Landeskonservatorium bei Prof. Johanna Inzko und Dr. Walter Langer. Nach der Reifepr\u00fcfung 1977 Studium an der Universit\u00e4t Salzburg und an der Hochschule f\u00fcr Musik und Darstellende Kunst \u201eMozarteum\u201c Salzburg, Klavier bei Univ. Prof. Brian Lamport.","potentialAction":[{"@type":"SearchAction","target":{"@type":"EntryPoint","urlTemplate":"http:\/\/erwinkropfitsch.at\/?s={search_term_string}"},"query-input":"required name=search_term_string"}],"inLanguage":"de"},{"@type":"ImageObject","@id":"http:\/\/erwinkropfitsch.at\/#primaryimage","inLanguage":"de","url":"http:\/\/erwinkropfitsch.at\/wp-content\/uploads\/2015\/10\/Erwin_am_Klavier.jpg","contentUrl":"http:\/\/erwinkropfitsch.at\/wp-content\/uploads\/2015\/10\/Erwin_am_Klavier.jpg","width":2464,"height":1640},{"@type":"WebPage","@id":"http:\/\/erwinkropfitsch.at\/#webpage","url":"http:\/\/erwinkropfitsch.at\/","name":"Kropfitsch Music Project - Kropfitsch | Music | Projects","isPartOf":{"@id":"http:\/\/erwinkropfitsch.at\/#website"},"primaryImageOfPage":{"@id":"http:\/\/erwinkropfitsch.at\/#primaryimage"},"datePublished":"2021-05-24T13:36:41+00:00","dateModified":"2023-11-12T15:54:18+00:00","description":"Geboren am 23.7.1958 in Klagenfurt, Klavierunterricht am K\u00e4rntner Landeskonservatorium bei Prof. Johanna Inzko und Dr. Walter Langer. Nach der Reifepr\u00fcfung 1977 Studium an der Universit\u00e4t Salzburg und an der Hochschule f\u00fcr Musik und Darstellende Kunst \u201eMozarteum\u201c Salzburg, Klavier bei Univ. Prof. Brian Lamport.","breadcrumb":{"@id":"http:\/\/erwinkropfitsch.at\/#breadcrumb"},"inLanguage":"de","potentialAction":[{"@type":"ReadAction","target":["http:\/\/erwinkropfitsch.at\/"]}]},{"@type":"BreadcrumbList","@id":"http:\/\/erwinkropfitsch.at\/#breadcrumb","itemListElement":[{"@type":"ListItem","position":1,"name":"Startseite","item":"http:\/\/erwinkropfitsch.at\/"},{"@type":"ListItem","position":2,"name":"Kropfitsch Music Project"}]}]}},"_links":{"self":[{"href":"http:\/\/erwinkropfitsch.at\/index.php?rest_route=\/wp\/v2\/pages\/112"}],"collection":[{"href":"http:\/\/erwinkropfitsch.at\/index.php?rest_route=\/wp\/v2\/pages"}],"about":[{"href":"http:\/\/erwinkropfitsch.at\/index.php?rest_route=\/wp\/v2\/types\/page"}],"author":[{"embeddable":true,"href":"http:\/\/erwinkropfitsch.at\/index.php?rest_route=\/wp\/v2\/users\/1"}],"replies":[{"embeddable":true,"href":"http:\/\/erwinkropfitsch.at\/index.php?rest_route=%2Fwp%2Fv2%2Fcomments&post=112"}],"version-history":[{"count":134,"href":"http:\/\/erwinkropfitsch.at\/index.php?rest_route=\/wp\/v2\/pages\/112\/revisions"}],"predecessor-version":[{"id":312,"href":"http:\/\/erwinkropfitsch.at\/index.php?rest_route=\/wp\/v2\/pages\/112\/revisions\/312"}],"wp:attachment":[{"href":"http:\/\/erwinkropfitsch.at\/index.php?rest_route=%2Fwp%2Fv2%2Fmedia&parent=112"}],"curies":[{"name":"wp","href":"https:\/\/api.w.org\/{rel}","templated":true}]}}